{"id":11043,"date":"2022-09-30T15:09:12","date_gmt":"2022-09-30T13:09:12","guid":{"rendered":"https:\/\/grupo-ebei.com\/confbe\/2022\/?page_id=11043"},"modified":"2022-11-02T01:43:08","modified_gmt":"2022-11-01T23:43:08","slug":"programaconfbe22","status":"publish","type":"page","link":"https:\/\/grupo-ebei.com\/confbe\/2022\/programaconfbe22\/","title":{"rendered":"Programa CONFBE 2022"},"content":{"rendered":"<section class=\"l-section wpb_row height_auto color_primary with_shape\"><div class=\"l-section-shape type_wave pos_bottom\" style=\"height:10vh;\"><svg xmlns=\"http:\/\/www.w3.org\/2000\/svg\" viewBox=\"0 4 64 4\" preserveAspectRatio=\"none\" width=\"100%\" height=\"100%\">\r\n\t<path fill=\"currentColor\" d=\"M64 6 C32 0 32 12 0 6 L0 8 L64 8 Z\"\/>\r\n<\/svg><\/div><div class=\"l-section-h i-cf\"><div class=\"g-cols vc_row type_default valign_top\"><div class=\"vc_col-sm-12 wpb_column vc_column_container\"><div class=\"vc_column-inner\"><div class=\"wpb_wrapper\"><div class=\"w-separator size_small\"><\/div><div class=\"w-separator size_huge\"><\/div><\/div><\/div><\/div><\/div><\/div><\/section><section class=\"l-section wpb_row height_auto\"><div class=\"l-section-h i-cf\"><div class=\"g-cols vc_row type_default valign_top\"><div class=\"vc_col-sm-12 wpb_column vc_column_container\"><div class=\"vc_column-inner\"><div class=\"wpb_wrapper\"><div class=\"w-separator size_small\"><\/div><div class=\"w-separator size_large\"><\/div>[vc_custom_heading text=\u00bbPrograma VIII Congreso Internacional sobre Educaci\u00f3n Biling\u00fce\u00bb font_container=\u00bbtag:h2|text_align:center\u00bb use_theme_fonts=\u00bbyes\u00bb css=\u00bb%7B%22default%22%3A%7B%22color%22%3A%22%23013e67%22%2C%22font-size%22%3A%222.5rem%22%2C%22margin-bottom%22%3A%220px%22%7D%7D\u00bb][vc_custom_heading text=\u00bbAqu\u00ed iremos actualizando el programa del congreso\u00bb font_container=\u00bbtag:p|text_align:center\u00bb use_theme_fonts=\u00bbyes\u00bb css=\u00bb%7B%22default%22%3A%7B%22color%22%3A%22%23013e67%22%2C%22font-weight%22%3A%22500%22%2C%22font-size%22%3A%221.2rem%22%2C%22margin-top%22%3A%2210px%22%2C%22margin-bottom%22%3A%2215px%22%2C%22padding-left%22%3A%2240px%22%2C%22padding-right%22%3A%2240px%22%7D%7D\u00bb][vc_raw_html]JTNDaHIlMjBzdHlsZSUzRCUyMmJvcmRlciUzQSUyMDAlM0IlMjBoZWlnaHQlM0ElMjAzcHglM0IlMjBiYWNrZ3JvdW5kLWltYWdlJTNBJTIwbGluZWFyLWdyYWRpZW50JTI4dG8lMjByaWdodCUyQyUyMHJnYmElMjgyMjglMkMyMzUlMkMyMzklMkMlMjAwJTI5JTJDJTIwcmdiYSUyODAlMkM3OSUyQzEzMiUyQyUyMDAuNzUlMjklMkMlMjByZ2JhJTI4MjI4JTJDMjM1JTJDMjM5JTJDJTIwMCUyOSUyOSUzQm1hcmdpbi10b3AlM0E1MHB4JTNCbWFyZ2luLWJvdHRvbSUzQTUwcHglM0J3aWR0aCUzQTEwMCUyNSUzQiUyMiUzRQ==[\/vc_raw_html]<div class=\"w-iconbox iconpos_top style_default color_custom align_center no_title no_text\"><div class=\"w-iconbox-icon\" style=\"color:#013e67;\"><i class=\"fas fa-chevron-down\"><\/i><\/div><div class=\"w-iconbox-meta\"><\/div><\/div><\/div><\/div><\/div><\/div><\/div><\/section><section class=\"l-section wpb_row height_auto\"><div class=\"l-section-h i-cf\"><div class=\"g-cols vc_row type_default valign_top gap-10px\"><style>.g-cols.gap-10px{margin:0 calc(-1.5rem - 10px)}.gap-10px > .vc_column_container {padding:10px}<\/style><div class=\"vc_col-sm-6 wpb_column vc_column_container\"><div class=\"vc_column-inner\"><div class=\"wpb_wrapper\"><div class=\"w-separator size_small\"><\/div>[vc_btn title=\u00bbPROGRAMA OFICIAL DEL CONGRESO\u00bb style=\u00bb3d\u00bb color=\u00bbprimary\u00bb size=\u00bblg\u00bb align=\u00bbcenter\u00bb css_animation=\u00bbfadeInUp\u00bb link=\u00bburl:https%3A%2F%2Fgrupo-ebei.com%2Fconfbe%2F2022%2Fwp-content%2Fuploads%2F2022%2F10%2Fconfbe_2022_REV.pdf|title:Programa|target:%20_blank|\u00bb]<div class=\"w-separator size_custom\" style=\"height:0.2rem;\"><\/div><div class=\"w-separator size_custom\" style=\"height:0.2rem;\"><\/div><div class=\"w-separator size_medium\"><\/div><div class=\"w-image us_custom_6c91cc95 align_center\"><div class=\"w-image-h\"><img width=\"200\" height=\"200\" src=\"data:image\/svg+xml,%3Csvg xmlns=%22http:\/\/www.w3.org\/2000\/svg%22 viewBox=%220 0 200 200%22%3E%3C\/svg%3E\" data-lazy-type=\"image\" data-src=\"https:\/\/grupo-ebei.com\/confbe\/2022\/wp-content\/uploads\/2022\/05\/SELLO-CONFBE2022-200x200.png\" class=\"lazy lazy-hidden attachment-us_200_200 size-us_200_200\" alt=\"\" loading=\"lazy\" srcset=\"\" data-srcset=\"https:\/\/grupo-ebei.com\/confbe\/2022\/wp-content\/uploads\/2022\/05\/SELLO-CONFBE2022.png 200w, https:\/\/grupo-ebei.com\/confbe\/2022\/wp-content\/uploads\/2022\/05\/SELLO-CONFBE2022-150x150.png 150w, https:\/\/grupo-ebei.com\/confbe\/2022\/wp-content\/uploads\/2022\/05\/SELLO-CONFBE2022-100x100.png 100w, https:\/\/grupo-ebei.com\/confbe\/2022\/wp-content\/uploads\/2022\/05\/SELLO-CONFBE2022-120x120.png 120w, https:\/\/grupo-ebei.com\/confbe\/2022\/wp-content\/uploads\/2022\/05\/SELLO-CONFBE2022-175x175.png 175w\" sizes=\"(max-width: 200px) 100vw, 200px\" \/><\/div><\/div><\/div><\/div><\/div><div class=\"vc_col-sm-6 wpb_column vc_column_container\"><div class=\"vc_column-inner\"><div class=\"wpb_wrapper\"><div class=\"w-image style_shadow-1 align_center animate_afc\"><div class=\"w-image-h\"><img width=\"292\" height=\"457\" src=\"data:image\/svg+xml,%3Csvg xmlns=%22http:\/\/www.w3.org\/2000\/svg%22 viewBox=%220 0 292 457%22%3E%3C\/svg%3E\" data-lazy-type=\"image\" data-src=\"https:\/\/grupo-ebei.com\/confbe\/2022\/wp-content\/uploads\/2022\/10\/Book.jpg\" class=\"lazy lazy-hidden attachment-full size-full\" alt=\"\" loading=\"lazy\" srcset=\"\" data-srcset=\"https:\/\/grupo-ebei.com\/confbe\/2022\/wp-content\/uploads\/2022\/10\/Book.jpg 292w, https:\/\/grupo-ebei.com\/confbe\/2022\/wp-content\/uploads\/2022\/10\/Book-192x300.jpg 192w, https:\/\/grupo-ebei.com\/confbe\/2022\/wp-content\/uploads\/2022\/10\/Book-128x200.jpg 128w, https:\/\/grupo-ebei.com\/confbe\/2022\/wp-content\/uploads\/2022\/10\/Book-64x100.jpg 64w, https:\/\/grupo-ebei.com\/confbe\/2022\/wp-content\/uploads\/2022\/10\/Book-77x120.jpg 77w, https:\/\/grupo-ebei.com\/confbe\/2022\/wp-content\/uploads\/2022\/10\/Book-160x250.jpg 160w\" sizes=\"(max-width: 292px) 100vw, 292px\" \/><\/div><\/div><div class=\"w-separator size_large\"><\/div><div class=\"wpb_text_column\" ><div class=\"wpb_wrapper\"><p align=\"center\"><b>Presentaci\u00f3n oficial del libro CALEIDOSCOPIO DE IDENTIDADES <\/b><\/p>\n<p align=\"center\"><b>\u00a0<a href=\"https:\/\/grupo-ebei.com\/confbe\/2022\/wp-content\/uploads\/2022\/10\/Leah_Davcheva_abstract.pdf\">Leah Davcheva.<\/a><\/b><\/p>\n<\/div><\/div><\/div><\/div><\/div><\/div><\/div><\/section><section class=\"l-section wpb_row height_auto\"><div class=\"l-section-h i-cf\"><div class=\"g-cols vc_row type_default valign_top\"><div class=\"vc_col-sm-12 wpb_column vc_column_container\"><div class=\"vc_column-inner\"><div class=\"wpb_wrapper\">[vc_raw_html]JTNDaHIlMjBzdHlsZSUzRCUyMmJvcmRlciUzQSUyMDAlM0IlMjBoZWlnaHQlM0ElMjAzcHglM0IlMjBiYWNrZ3JvdW5kLWltYWdlJTNBJTIwbGluZWFyLWdyYWRpZW50JTI4dG8lMjByaWdodCUyQyUyMHJnYmElMjgyMjglMkMyMzUlMkMyMzklMkMlMjAwJTI5JTJDJTIwcmdiYSUyODAlMkM3OSUyQzEzMiUyQyUyMDAuNzUlMjklMkMlMjByZ2JhJTI4MjI4JTJDMjM1JTJDMjM5JTJDJTIwMCUyOSUyOSUzQm1hcmdpbi10b3AlM0E1MHB4JTNCbWFyZ2luLWJvdHRvbSUzQTUwcHglM0J3aWR0aCUzQTEwMCUyNSUzQiUyMiUzRQ==[\/vc_raw_html]<div class=\"w-separator size_small\"><\/div><div class=\"w-separator size_huge\"><\/div><\/div><\/div><\/div><\/div><\/div><\/section><section class=\"l-section wpb_row height_custom color_primary with_shape\"><div class=\"l-section-shape type_wave pos_bottom\" style=\"height:10vh;\"><svg xmlns=\"http:\/\/www.w3.org\/2000\/svg\" viewBox=\"0 4 64 4\" preserveAspectRatio=\"none\" width=\"100%\" height=\"100%\">\r\n\t<path fill=\"currentColor\" d=\"M64 6 C32 0 32 12 0 6 L0 8 L64 8 Z\"\/>\r\n<\/svg><\/div><div class=\"l-section-h i-cf\"><div class=\"g-cols vc_row type_default valign_top\"><div class=\"vc_col-sm-12 wpb_column vc_column_container\"><div class=\"vc_column-inner\"><div class=\"wpb_wrapper\">[vc_raw_html]JTNDJTJGaSUzRQ==[\/vc_raw_html][vc_custom_heading text=\u00bbComunicaciones virtuales\u00bb font_container=\u00bbtag:h2|text_align:center\u00bb use_theme_fonts=\u00bbyes\u00bb css=\u00bb%7B%22default%22%3A%7B%22color%22%3A%22%23ffffff%22%2C%22font-weight%22%3A%22600%22%2C%22font-style%22%3A%22normal%22%7D%7D\u00bb][vc_raw_html]JTNDJTJGaSUzRQ==[\/vc_raw_html][vc_custom_heading text=\u00bbDisponibles durante 1 semana en l\u00ednea\u00bb font_container=\u00bbtag:p|text_align:center\u00bb use_theme_fonts=\u00bbyes\u00bb css=\u00bb%7B%22default%22%3A%7B%22color%22%3A%22%23ffffff%22%2C%22font-weight%22%3A%22500%22%2C%22font-style%22%3A%22normal%22%2C%22font-size%22%3A%221rem%22%7D%7D\u00bb]<div class=\"w-separator size_small\"><\/div><div class=\"w-separator size_medium\"><\/div><\/div><\/div><\/div><\/div><\/div><\/section><section class=\"l-section wpb_row height_custom\"><div class=\"l-section-h i-cf\"><div class=\"g-cols vc_row type_default valign_top\"><div class=\"vc_col-sm-12 wpb_column vc_column_container\"><div class=\"vc_column-inner\"><div class=\"wpb_wrapper\"><div class=\"wpb_text_column\" ><div class=\"wpb_wrapper\"><p>Jennifer Lertola (Universit\u00e0 del Piemonte Orientale) y Antonio Jes\u00fas Tinedo Rodr\u00edguez (Universidad Nacional de Educaci\u00f3n a Distancia (UNED)) \u201cLa Traducci\u00f3n Audiovisual Did\u00e1ctica (TAD) y la formaci\u00f3n del profesorado de lengua inglesa\u201d<\/p>\n<\/div><\/div><div class=\"w-btn-wrapper width_auto align_center\"><a class=\"w-btn us-btn-style_1\" href=\"https:\/\/www.youtube.com\/watch?v=eE2JT_NbtbE\" target=\"_blank\" rel=\"noopener\"><span class=\"w-btn-label\">Acceso a la presentaci\u00f3n<\/span><\/a><\/div><div class=\"wpb_text_column\" ><div class=\"wpb_wrapper\"><p>Leonor Mar\u00eda Mart\u00ednez Serrano (Universidad de C\u00f3rdoba) \u201cLanguage Learning and Bilingual Education from a Diachronic Perspective: Three Historical Miniatures\u201d<\/p>\n<\/div><\/div><div class=\"w-btn-wrapper width_auto align_center\"><a class=\"w-btn us-btn-style_1\" href=\"https:\/\/grupo-ebei.com\/confbe\/2022\/wp-content\/uploads\/2022\/11\/2-Language-Learning-and-Bilingual-Education-from-a-Diachronic-Perspective_Martinez-Serrano_Leonor-Maria.pdf\" target=\"_blank\" rel=\"noopener\"><span class=\"w-btn-label\">Acceso al documento<\/span><\/a><\/div><div class=\"w-text\"><span class=\"w-text-h\"><span class=\"w-text-value\">Irene Castellano-Risco (Universidad de Extremadura)   \u201cExploring Extremaduran Primary-school Teachers\u2019 Beliefs: Beyond Linguistic and Pedagogical Competence\u201d<\/span><\/span><\/div><\/div><\/div><\/div><\/div><\/div><\/section><section class=\"l-section wpb_row height_custom\"><div class=\"l-section-h i-cf\"><div class=\"g-cols vc_row type_default valign_top\"><div class=\"vc_col-sm-12 wpb_column vc_column_container\"><div class=\"vc_column-inner\"><div class=\"wpb_wrapper\"><div class=\"w-btn-wrapper width_auto align_center\"><a class=\"w-btn us-btn-style_1\" href=\"https:\/\/youtu.be\/bvioyKmlOrI\" target=\"_blank\" rel=\"noopener\"><span class=\"w-btn-label\">Acceso a la presentaci\u00f3n<\/span><\/a><\/div><\/div><\/div><\/div><\/div><\/div><\/section><section class=\"l-section wpb_row height_custom\"><div class=\"l-section-h i-cf\"><div class=\"g-cols vc_row type_default valign_top\"><div class=\"vc_col-sm-12 wpb_column vc_column_container\"><div class=\"vc_column-inner\"><div class=\"wpb_wrapper\"><div class=\"wpb_text_column\" ><div class=\"wpb_wrapper\"><p>F\u00e1tima Elizabeth Palacios Briones y Deborah Valerie Montesdeoca Arteaga (Escuela Superior Polit\u00e9cnica Agropecuaria de Manab\u00ed, Ecuador) \u201dEducaci\u00f3n biling\u00fce para pueblos ind\u00edgenas en Ecuador\u201d<\/p>\n<\/div><\/div><\/div><\/div><\/div><\/div><\/div><\/section><section class=\"l-section wpb_row height_custom\"><div class=\"l-section-h i-cf\"><div class=\"g-cols vc_row type_default valign_top\"><div class=\"vc_col-sm-12 wpb_column vc_column_container\"><div class=\"vc_column-inner\"><div class=\"wpb_wrapper\"><div class=\"w-btn-wrapper width_auto align_center\"><a class=\"w-btn us-btn-style_1\" href=\"https:\/\/grupo-ebei.com\/confbe\/2022\/wp-content\/uploads\/2022\/11\/FatimaPalacios_2022-comunicacion-en-espanol-CONFBE.pdf\" target=\"_blank\" rel=\"noopener\"><span class=\"w-btn-label\">Acceso al documento<\/span><\/a><\/div><\/div><\/div><\/div><\/div><\/div><\/section><section class=\"l-section wpb_row height_custom\"><div class=\"l-section-h i-cf\"><div class=\"g-cols vc_row type_default valign_top\"><div class=\"vc_col-sm-12 wpb_column vc_column_container\"><div class=\"vc_column-inner\"><div class=\"wpb_wrapper\"><div class=\"wpb_text_column\" ><div class=\"wpb_wrapper\"><p>Deborah Valerie Montesdeoca Arteaga y F\u00e1tima Elizabeth Palacios Briones (Escuela Superior Polit\u00e9cnica Agropecuaria de Manab\u00ed) \u201cLos desaf\u00edos de la educaci\u00f3n intercultural biling\u00fce en el nivel superior de Ecuador\u201d<\/p>\n<\/div><\/div><\/div><\/div><\/div><\/div><\/div><\/section><section class=\"l-section wpb_row height_custom\"><div class=\"l-section-h i-cf\"><div class=\"g-cols vc_row type_default valign_top\"><div class=\"vc_col-sm-12 wpb_column vc_column_container\"><div class=\"vc_column-inner\"><div class=\"wpb_wrapper\"><div class=\"w-btn-wrapper width_auto align_center\"><a class=\"w-btn us-btn-style_1\" href=\"https:\/\/grupo-ebei.com\/confbe\/2022\/wp-content\/uploads\/2022\/11\/DeborahMontesdeoca_2022-comunicacion.pdf\" target=\"_blank\" rel=\"noopener\"><span class=\"w-btn-label\">Acceso al documento<\/span><\/a><\/div><\/div><\/div><\/div><\/div><\/div><\/section><section class=\"l-section wpb_row height_custom\"><div class=\"l-section-h i-cf\"><div class=\"g-cols vc_row type_default valign_top\"><div class=\"vc_col-sm-12 wpb_column vc_column_container\"><div class=\"vc_column-inner\"><div class=\"wpb_wrapper\"><div class=\"w-text\"><span class=\"w-text-h\"><span class=\"w-text-value\">Macarena Murad\u00e1s Sanrom\u00e1n (Universidad de Vigo) \u201cUtilizaci\u00f3n de estrategias de aprendizaje en un grupo de estudiantes de Ingl\u00e9s como LE\u201d<\/span><\/span><\/div><\/div><\/div><\/div><\/div><\/div><\/section><section class=\"l-section wpb_row height_custom\"><div class=\"l-section-h i-cf\"><div class=\"g-cols vc_row type_default valign_top\"><div class=\"vc_col-sm-12 wpb_column vc_column_container\"><div class=\"vc_column-inner\"><div class=\"wpb_wrapper\"><div class=\"w-btn-wrapper width_auto align_center\"><a class=\"w-btn us-btn-style_1\" href=\"https:\/\/grupo-ebei.com\/confbe\/2022\/wp-content\/uploads\/2022\/11\/Utilizacion-de-Estrategias-de-Aprendizaje-en-un-Grupo-de-Estudiantes-de-Ingles-como-Lengua-Extranjera.pdf\" target=\"_blank\" rel=\"noopener\"><span class=\"w-btn-label\">Acceso al documento<\/span><\/a><\/div><\/div><\/div><\/div><\/div><\/div><\/section><section class=\"l-section wpb_row height_custom\"><div class=\"l-section-h i-cf\"><div class=\"g-cols vc_row type_default valign_top\"><div class=\"vc_col-sm-12 wpb_column vc_column_container\"><div class=\"vc_column-inner\"><div class=\"wpb_wrapper\"><div class=\"wpb_text_column\" ><div class=\"wpb_wrapper\"><p>Macarena Murad\u00e1s Sanrom\u00e1n (Universidad de Vigo) \u201cAprendizaje en contexto de inmersi\u00f3n ling\u00fc\u00edstica: percepciones de un grupo de estudiantes de ingl\u00e9s como LE\u201d<\/p>\n<\/div><\/div><\/div><\/div><\/div><\/div><\/div><\/section><section class=\"l-section wpb_row height_custom\"><div class=\"l-section-h i-cf\"><div class=\"g-cols vc_row type_default valign_top\"><div class=\"vc_col-sm-12 wpb_column vc_column_container\"><div class=\"vc_column-inner\"><div class=\"wpb_wrapper\"><div class=\"w-btn-wrapper width_auto align_center\"><a class=\"w-btn us-btn-style_1\" href=\"https:\/\/grupo-ebei.com\/confbe\/2022\/wp-content\/uploads\/2022\/11\/Aprendizaje-en-Contexto-de-Inmersion-Linguistica-Percepciones-de-un-Grupo-de-Estudiantes-de-Ingles-como-LE.pdf\" target=\"_blank\" rel=\"noopener\"><span class=\"w-btn-label\">Acceso al documento<\/span><\/a><\/div><\/div><\/div><\/div><\/div><\/div><\/section><section class=\"l-section wpb_row height_custom\"><div class=\"l-section-h i-cf\"><div class=\"g-cols vc_row type_default valign_top\"><div class=\"vc_col-sm-12 wpb_column vc_column_container\"><div class=\"vc_column-inner\"><div class=\"wpb_wrapper\"><div class=\"wpb_text_column\" ><div class=\"wpb_wrapper\"><p>Lola L\u00f3pez-Navas e Iris Serrat Roozen (Universidad Internacional de Valencia (VIU)) \u201cDeveloping Intercultural Competence in Bilingual Settings through Dialogic Practices\u201d<\/p>\n<\/div><\/div><\/div><\/div><\/div><\/div><\/div><\/section><section class=\"l-section wpb_row height_custom\"><div class=\"l-section-h i-cf\"><div class=\"g-cols vc_row type_default valign_top\"><div class=\"vc_col-sm-12 wpb_column vc_column_container\"><div class=\"vc_column-inner\"><div class=\"wpb_wrapper\"><div class=\"w-btn-wrapper width_auto align_center\"><a class=\"w-btn us-btn-style_1\" href=\"https:\/\/youtu.be\/VNb4amBDTYQ\" target=\"_blank\" rel=\"noopener\"><span class=\"w-btn-label\">Acceso a la presentaci\u00f3n<\/span><\/a><\/div><\/div><\/div><\/div><\/div><\/div><\/section><section class=\"l-section wpb_row height_custom\"><div class=\"l-section-h i-cf\"><div class=\"g-cols vc_row type_default valign_top\"><div class=\"vc_col-sm-12 wpb_column vc_column_container\"><div class=\"vc_column-inner\"><div class=\"wpb_wrapper\"><div class=\"wpb_text_column\" ><div class=\"wpb_wrapper\"><p>Candela Contero-Urgal y B\u00e1rbara Eizaga-Rebollar (Universidad de C\u00e1diz) \u201cStudent Perceptions of Internationalisation of the Curriculum in the Business and English Degrees\u201d<\/p>\n<\/div><\/div><\/div><\/div><\/div><\/div><\/div><\/section><section class=\"l-section wpb_row height_custom\"><div class=\"l-section-h i-cf\"><div class=\"g-cols vc_row type_default valign_top\"><div class=\"vc_col-sm-12 wpb_column vc_column_container\"><div class=\"vc_column-inner\"><div class=\"wpb_wrapper\"><div class=\"w-btn-wrapper width_auto align_center\"><a class=\"w-btn us-btn-style_1\" href=\"https:\/\/youtu.be\/_ZEy1vnLOoQ\" target=\"_blank\" rel=\"noopener\"><span class=\"w-btn-label\">Acceso a la presentaci\u00f3n<\/span><\/a><\/div><\/div><\/div><\/div><\/div><\/div><\/section><section class=\"l-section wpb_row height_custom\"><div class=\"l-section-h i-cf\"><div class=\"g-cols vc_row type_default valign_top\"><div class=\"vc_col-sm-12 wpb_column vc_column_container\"><div class=\"vc_column-inner\"><div class=\"wpb_wrapper\"><div class=\"wpb_text_column\" ><div class=\"wpb_wrapper\"><p>Azucena Barahona (Universidad Complutense de Madrid) \u201cLos espacios virtuales para la mejora de la expresi\u00f3n en lengua inglesa\u201d<\/p>\n<\/div><\/div><\/div><\/div><\/div><\/div><\/div><\/section><section class=\"l-section wpb_row height_custom\"><div class=\"l-section-h i-cf\"><div class=\"g-cols vc_row type_default valign_top\"><div class=\"vc_col-sm-12 wpb_column vc_column_container\"><div class=\"vc_column-inner\"><div class=\"wpb_wrapper\"><div class=\"w-btn-wrapper width_auto align_center\"><a class=\"w-btn us-btn-style_1\" href=\"https:\/\/youtu.be\/W2CUnZ-gCNM\" target=\"_blank\" rel=\"noopener\"><span class=\"w-btn-label\">Acceso a la presentaci\u00f3n<\/span><\/a><\/div><\/div><\/div><\/div><\/div><\/div><\/section><section class=\"l-section wpb_row height_custom\"><div class=\"l-section-h i-cf\"><div class=\"g-cols vc_row type_default valign_top\"><div class=\"vc_col-sm-12 wpb_column vc_column_container\"><div class=\"vc_column-inner\"><div class=\"wpb_wrapper\"><div class=\"wpb_text_column\" ><div class=\"wpb_wrapper\"><p><span>Ainara<\/span>\u00a0<span>Imaz<\/span>, Eneritz Garro and Amaia Lersundi (Mondragon Unibersitatea) \u00abAnalyzing Secondary Education Students Argumentation in Social Science\u00bb<\/p>\n<\/div><\/div><\/div><\/div><\/div><\/div><\/div><\/section><section class=\"l-section wpb_row height_custom\"><div class=\"l-section-h i-cf\"><div class=\"g-cols vc_row type_default valign_top\"><div class=\"vc_col-sm-12 wpb_column vc_column_container\"><div class=\"vc_column-inner\"><div class=\"wpb_wrapper\"><div class=\"w-btn-wrapper width_auto align_center\"><a class=\"w-btn us-btn-style_1\" href=\"https:\/\/www.youtube.com\/watch?v=9q_97mkQ5uU&#038;feature=youtu.be\" target=\"_blank\" rel=\"noopener\"><span class=\"w-btn-label\">Acceso a la presentaci\u00f3n<\/span><\/a><\/div><\/div><\/div><\/div><\/div><\/div><\/section><section class=\"l-section wpb_row height_custom\"><div class=\"l-section-h i-cf\"><div class=\"g-cols vc_row type_default valign_top\"><div class=\"vc_col-sm-12 wpb_column vc_column_container\"><div class=\"vc_column-inner\"><div class=\"wpb_wrapper\"><div class=\"wpb_text_column\" ><div class=\"wpb_wrapper\"><p>Nat\u00e1lia Duarte Mar\u00e7\u00e3o y Tiago Timponi Torrent (Universidade Federal de Juiz de Fora) \u201cAn\u00e1lisis de construcciones de pret\u00e9rito imperfecto en portugu\u00e9s brasile\u00f1o y en espa\u00f1ol para la ense\u00f1anza de segunda lengua\u201d<\/p>\n<\/div><\/div><\/div><\/div><\/div><\/div><\/div><\/section><section class=\"l-section wpb_row height_custom\"><div class=\"l-section-h i-cf\"><div class=\"g-cols vc_row type_default valign_top\"><div class=\"vc_col-sm-12 wpb_column vc_column_container\"><div class=\"vc_column-inner\"><div class=\"wpb_wrapper\"><div class=\"w-btn-wrapper width_auto align_center\"><a class=\"w-btn us-btn-style_1\" href=\"https:\/\/www.youtube.com\/watch?v=9cL8KObNzWc\" target=\"_blank\" rel=\"noopener\"><span class=\"w-btn-label\">Acceso a la presentaci\u00f3n<\/span><\/a><\/div><\/div><\/div><\/div><\/div><\/div><\/section>","protected":false},"excerpt":{"rendered":"[vc_custom_heading text=\"Programa VIII Congreso Internacional sobre Educaci\u00f3n Biling\u00fce\" font_container=\"tag:h2|text_align:center\" use_theme_fonts=\"yes\" css=\"%7B%22default%22%3A%7B%22color%22%3A%22%23013e67%22%2C%22font-size%22%3A%222.5rem%22%2C%22margin-bottom%22%3A%220px%22%7D%7D\"][vc_custom_heading text=\"Aqu\u00ed iremos actualizando el programa del congreso\" font_container=\"tag:p|text_align:center\" use_theme_fonts=\"yes\" css=\"%7B%22default%22%3A%7B%22color%22%3A%22%23013e67%22%2C%22font-weight%22%3A%22500%22%2C%22font-size%22%3A%221.2rem%22%2C%22margin-top%22%3A%2210px%22%2C%22margin-bottom%22%3A%2215px%22%2C%22padding-left%22%3A%2240px%22%2C%22padding-right%22%3A%2240px%22%7D%7D\"][vc_raw_html]JTNDaHIlMjBzdHlsZSUzRCUyMmJvcmRlciUzQSUyMDAlM0IlMjBoZWlnaHQlM0ElMjAzcHglM0IlMjBiYWNrZ3JvdW5kLWltYWdlJTNBJTIwbGluZWFyLWdyYWRpZW50JTI4dG8lMjByaWdodCUyQyUyMHJnYmElMjgyMjglMkMyMzUlMkMyMzklMkMlMjAwJTI5JTJDJTIwcmdiYSUyODAlMkM3OSUyQzEzMiUyQyUyMDAuNzUlMjklMkMlMjByZ2JhJTI4MjI4JTJDMjM1JTJDMjM5JTJDJTIwMCUyOSUyOSUzQm1hcmdpbi10b3AlM0E1MHB4JTNCbWFyZ2luLWJvdHRvbSUzQTUwcHglM0J3aWR0aCUzQTEwMCUyNSUzQiUyMiUzRQ==[\/vc_raw_html][vc_btn title=\"PROGRAMA OFICIAL DEL CONGRESO\" style=\"3d\" color=\"primary\" size=\"lg\" align=\"center\" css_animation=\"fadeInUp\" link=\"url:https%3A%2F%2Fgrupo-ebei.com%2Fconfbe%2F2022%2Fwp-content%2Fuploads%2F2022%2F10%2Fconfbe_2022_REV.pdf|title:Programa|target:%20_blank|\"]Presentaci\u00f3n oficial del libro CALEIDOSCOPIO DE IDENTIDADES \u00a0Leah Davcheva. [vc_raw_html]JTNDaHIlMjBzdHlsZSUzRCUyMmJvcmRlciUzQSUyMDAlM0IlMjBoZWlnaHQlM0ElMjAzcHglM0IlMjBiYWNrZ3JvdW5kLWltYWdlJTNBJTIwbGluZWFyLWdyYWRpZW50JTI4dG8lMjByaWdodCUyQyUyMHJnYmElMjgyMjglMkMyMzUlMkMyMzklMkMlMjAwJTI5JTJDJTIwcmdiYSUyODAlMkM3OSUyQzEzMiUyQyUyMDAuNzUlMjklMkMlMjByZ2JhJTI4MjI4JTJDMjM1JTJDMjM5JTJDJTIwMCUyOSUyOSUzQm1hcmdpbi10b3AlM0E1MHB4JTNCbWFyZ2luLWJvdHRvbSUzQTUwcHglM0J3aWR0aCUzQTEwMCUyNSUzQiUyMiUzRQ==[\/vc_raw_html] [vc_raw_html]JTNDJTJGaSUzRQ==[\/vc_raw_html][vc_custom_heading text=\"Comunicaciones virtuales\" font_container=\"tag:h2|text_align:center\" use_theme_fonts=\"yes\" css=\"%7B%22default%22%3A%7B%22color%22%3A%22%23ffffff%22%2C%22font-weight%22%3A%22600%22%2C%22font-style%22%3A%22normal%22%7D%7D\"][vc_raw_html]JTNDJTJGaSUzRQ==[\/vc_raw_html][vc_custom_heading text=\"Disponibles durante 1 semana en l\u00ednea\" font_container=\"tag:p|text_align:center\" use_theme_fonts=\"yes\" css=\"%7B%22default%22%3A%7B%22color%22%3A%22%23ffffff%22%2C%22font-weight%22%3A%22500%22%2C%22font-style%22%3A%22normal%22%2C%22font-size%22%3A%221rem%22%7D%7D\"]Jennifer...","protected":false},"author":1,"featured_media":0,"parent":0,"menu_order":0,"comment_status":"closed","ping_status":"closed","template":"","meta":{"spay_email":""},"yoast_head":"<!-- This site is optimized with the Yoast SEO plugin v18.8 - https:\/\/yoast.com\/wordpress\/plugins\/seo\/ -->\n<title>Programa CONFBE 2022 - VIII Congreso Internacional sobre Educaci\u00f3n Biling\u00fce<\/title>\n<meta name=\"robots\" content=\"index, follow, max-snippet:-1, max-image-preview:large, max-video-preview:-1\" \/>\n<link rel=\"canonical\" href=\"https:\/\/grupo-ebei.com\/confbe\/2022\/programaconfbe22\/\" \/>\n<meta property=\"og:locale\" content=\"es_ES\" \/>\n<meta property=\"og:type\" content=\"article\" \/>\n<meta property=\"og:title\" content=\"Programa CONFBE 2022 - VIII Congreso Internacional sobre Educaci\u00f3n Biling\u00fce\" \/>\n<meta property=\"og:url\" content=\"https:\/\/grupo-ebei.com\/confbe\/2022\/programaconfbe22\/\" \/>\n<meta property=\"og:site_name\" content=\"VIII Congreso Internacional sobre Educaci\u00f3n Biling\u00fce\" \/>\n<meta property=\"article:modified_time\" content=\"2022-11-01T23:43:08+00:00\" \/>\n<meta name=\"twitter:card\" content=\"summary_large_image\" \/>\n<meta name=\"twitter:label1\" content=\"Tiempo de lectura\" \/>\n\t<meta name=\"twitter:data1\" content=\"1 minuto\" \/>\n<script type=\"application\/ld+json\" class=\"yoast-schema-graph\">{\"@context\":\"https:\/\/schema.org\",\"@graph\":[{\"@type\":\"WebSite\",\"@id\":\"https:\/\/grupo-ebei.com\/confbe\/2022\/#website\",\"url\":\"https:\/\/grupo-ebei.com\/confbe\/2022\/\",\"name\":\"VIII Congreso Internacional sobre Educaci\u00f3n Biling\u00fce\",\"description\":\"VIII International Conference on Bilingual Education\",\"potentialAction\":[{\"@type\":\"SearchAction\",\"target\":{\"@type\":\"EntryPoint\",\"urlTemplate\":\"https:\/\/grupo-ebei.com\/confbe\/2022\/?s={search_term_string}\"},\"query-input\":\"required name=search_term_string\"}],\"inLanguage\":\"es\"},{\"@type\":\"WebPage\",\"@id\":\"https:\/\/grupo-ebei.com\/confbe\/2022\/programaconfbe22\/#webpage\",\"url\":\"https:\/\/grupo-ebei.com\/confbe\/2022\/programaconfbe22\/\",\"name\":\"Programa CONFBE 2022 - VIII Congreso Internacional sobre Educaci\u00f3n Biling\u00fce\",\"isPartOf\":{\"@id\":\"https:\/\/grupo-ebei.com\/confbe\/2022\/#website\"},\"datePublished\":\"2022-09-30T13:09:12+00:00\",\"dateModified\":\"2022-11-01T23:43:08+00:00\",\"breadcrumb\":{\"@id\":\"https:\/\/grupo-ebei.com\/confbe\/2022\/programaconfbe22\/#breadcrumb\"},\"inLanguage\":\"es\",\"potentialAction\":[{\"@type\":\"ReadAction\",\"target\":[\"https:\/\/grupo-ebei.com\/confbe\/2022\/programaconfbe22\/\"]}]},{\"@type\":\"BreadcrumbList\",\"@id\":\"https:\/\/grupo-ebei.com\/confbe\/2022\/programaconfbe22\/#breadcrumb\",\"itemListElement\":[{\"@type\":\"ListItem\",\"position\":1,\"name\":\"Home\",\"item\":\"https:\/\/grupo-ebei.com\/confbe\/2022\/\"},{\"@type\":\"ListItem\",\"position\":2,\"name\":\"Programa CONFBE 2022\"}]}]}<\/script>\n<!-- \/ Yoast SEO plugin. -->","yoast_head_json":{"title":"Programa CONFBE 2022 - VIII Congreso Internacional sobre Educaci\u00f3n Biling\u00fce","robots":{"index":"index","follow":"follow","max-snippet":"max-snippet:-1","max-image-preview":"max-image-preview:large","max-video-preview":"max-video-preview:-1"},"canonical":"https:\/\/grupo-ebei.com\/confbe\/2022\/programaconfbe22\/","og_locale":"es_ES","og_type":"article","og_title":"Programa CONFBE 2022 - VIII Congreso Internacional sobre Educaci\u00f3n Biling\u00fce","og_url":"https:\/\/grupo-ebei.com\/confbe\/2022\/programaconfbe22\/","og_site_name":"VIII Congreso Internacional sobre Educaci\u00f3n Biling\u00fce","article_modified_time":"2022-11-01T23:43:08+00:00","twitter_card":"summary_large_image","twitter_misc":{"Tiempo de lectura":"1 minuto"},"schema":{"@context":"https:\/\/schema.org","@graph":[{"@type":"WebSite","@id":"https:\/\/grupo-ebei.com\/confbe\/2022\/#website","url":"https:\/\/grupo-ebei.com\/confbe\/2022\/","name":"VIII Congreso Internacional sobre Educaci\u00f3n Biling\u00fce","description":"VIII International Conference on Bilingual Education","potentialAction":[{"@type":"SearchAction","target":{"@type":"EntryPoint","urlTemplate":"https:\/\/grupo-ebei.com\/confbe\/2022\/?s={search_term_string}"},"query-input":"required name=search_term_string"}],"inLanguage":"es"},{"@type":"WebPage","@id":"https:\/\/grupo-ebei.com\/confbe\/2022\/programaconfbe22\/#webpage","url":"https:\/\/grupo-ebei.com\/confbe\/2022\/programaconfbe22\/","name":"Programa CONFBE 2022 - VIII Congreso Internacional sobre Educaci\u00f3n Biling\u00fce","isPartOf":{"@id":"https:\/\/grupo-ebei.com\/confbe\/2022\/#website"},"datePublished":"2022-09-30T13:09:12+00:00","dateModified":"2022-11-01T23:43:08+00:00","breadcrumb":{"@id":"https:\/\/grupo-ebei.com\/confbe\/2022\/programaconfbe22\/#breadcrumb"},"inLanguage":"es","potentialAction":[{"@type":"ReadAction","target":["https:\/\/grupo-ebei.com\/confbe\/2022\/programaconfbe22\/"]}]},{"@type":"BreadcrumbList","@id":"https:\/\/grupo-ebei.com\/confbe\/2022\/programaconfbe22\/#breadcrumb","itemListElement":[{"@type":"ListItem","position":1,"name":"Home","item":"https:\/\/grupo-ebei.com\/confbe\/2022\/"},{"@type":"ListItem","position":2,"name":"Programa CONFBE 2022"}]}]}},"_links":{"self":[{"href":"https:\/\/grupo-ebei.com\/confbe\/2022\/wp-json\/wp\/v2\/pages\/11043"}],"collection":[{"href":"https:\/\/grupo-ebei.com\/confbe\/2022\/wp-json\/wp\/v2\/pages"}],"about":[{"href":"https:\/\/grupo-ebei.com\/confbe\/2022\/wp-json\/wp\/v2\/types\/page"}],"author":[{"embeddable":true,"href":"https:\/\/grupo-ebei.com\/confbe\/2022\/wp-json\/wp\/v2\/users\/1"}],"replies":[{"embeddable":true,"href":"https:\/\/grupo-ebei.com\/confbe\/2022\/wp-json\/wp\/v2\/comments?post=11043"}],"version-history":[{"count":23,"href":"https:\/\/grupo-ebei.com\/confbe\/2022\/wp-json\/wp\/v2\/pages\/11043\/revisions"}],"predecessor-version":[{"id":11105,"href":"https:\/\/grupo-ebei.com\/confbe\/2022\/wp-json\/wp\/v2\/pages\/11043\/revisions\/11105"}],"wp:attachment":[{"href":"https:\/\/grupo-ebei.com\/confbe\/2022\/wp-json\/wp\/v2\/media?parent=11043"}],"curies":[{"name":"wp","href":"https:\/\/api.w.org\/{rel}","templated":true}]}}