{"id":10737,"date":"2020-09-09T12:45:40","date_gmt":"2020-09-09T10:45:40","guid":{"rendered":"https:\/\/www.grupo-ebei.es\/confbe\/2020\/?page_id=10737"},"modified":"2020-11-09T22:36:02","modified_gmt":"2020-11-09T20:36:02","slug":"book-of-chapters","status":"publish","type":"page","link":"https:\/\/grupo-ebei.com\/confbe\/2022\/en\/book-of-chapters\/","title":{"rendered":"Book of Chapters"},"content":{"rendered":"<section class=\"l-section wpb_row height_auto color_primary with_shape\"><div class=\"l-section-shape type_wave pos_bottom\" style=\"height:10vh;\"><svg xmlns=\"http:\/\/www.w3.org\/2000\/svg\" viewBox=\"0 4 64 4\" preserveAspectRatio=\"none\" width=\"100%\" height=\"100%\">\r\n\t<path fill=\"currentColor\" d=\"M64 6 C32 0 32 12 0 6 L0 8 L64 8 Z\"\/>\r\n<\/svg><\/div><div class=\"l-section-h i-cf\"><div class=\"g-cols vc_row type_default valign_top\"><div class=\"vc_col-sm-12 wpb_column vc_column_container\"><div class=\"vc_column-inner\"><div class=\"wpb_wrapper\"><div class=\"w-separator size_small\"><\/div><div class=\"w-separator size_huge\"><\/div><\/div><\/div><\/div><\/div><\/div><\/section><section class=\"l-section wpb_row height_custom\"><div class=\"l-section-h i-cf\"><div class=\"g-cols vc_row type_default valign_top\"><div class=\"vc_col-sm-3 wpb_column vc_column_container\"><div class=\"vc_column-inner\"><div class=\"wpb_wrapper\"><div class=\"w-menu  us_custom_54633498 layout_ver style_blocks us_menu_1\"><ul id=\"menu-menu-info-general-es\" class=\"menu\"><li id=\"menu-item-9750\" class=\"menu-general-item menu-item menu-item-type-post_type menu-item-object-page menu-item-9750\"><a href=\"https:\/\/grupo-ebei.com\/confbe\/2022\/lineas-de-trabajo\/\">L\u00edneas de trabajo<\/a><\/li><li id=\"menu-item-10335\" class=\"menu-general-item menu-item menu-item-type-post_type menu-item-object-page menu-item-10335\"><a href=\"https:\/\/grupo-ebei.com\/confbe\/2022\/destinatarios\/\">Principales destinatarios\/as<\/a><\/li><li id=\"menu-item-9970\" class=\"menu-general-item menu-item menu-item-type-post_type menu-item-object-page menu-item-9970\"><a href=\"https:\/\/grupo-ebei.com\/confbe\/2022\/modalidades-de-participacion\/\">Modalidades de participaci\u00f3n<\/a><\/li><li id=\"menu-item-9752\" class=\"menu-general-item menu-item menu-item-type-post_type menu-item-object-page menu-item-9752\"><a href=\"https:\/\/grupo-ebei.com\/confbe\/2022\/plenarios\/\">Conferenciantes plenarios<\/a><\/li><li id=\"menu-item-10331\" class=\"menu-general-item menu-item menu-item-type-post_type menu-item-object-page menu-item-10331\"><a href=\"https:\/\/grupo-ebei.com\/confbe\/2022\/fechas-clave\/\">Fechas clave<\/a><\/li><li id=\"menu-item-9969\" class=\"menu-general-item menu-item menu-item-type-post_type menu-item-object-page menu-item-9969\"><a href=\"https:\/\/grupo-ebei.com\/confbe\/2022\/tasas-de-participacion\/\">Tasas de participaci\u00f3n<\/a><\/li><li id=\"menu-item-10332\" class=\"menu-general-item menu-item menu-item-type-post_type menu-item-object-page menu-item-10332\"><a href=\"https:\/\/grupo-ebei.com\/confbe\/2022\/procedimiento-de-inscripcion\/\">Procedimiento de inscripci\u00f3n<\/a><\/li><li id=\"menu-item-10070\" class=\"menu-general-item menu-item menu-item-type-post_type menu-item-object-page menu-item-10070\"><a href=\"https:\/\/grupo-ebei.com\/confbe\/2022\/gestion-de-resumenes\/\">Presentaci\u00f3n de res\u00famenes<\/a><\/li><li id=\"menu-item-10571\" class=\"menu-item menu-item-type-post_type menu-item-object-page menu-item-10571\"><a href=\"https:\/\/grupo-ebei.com\/confbe\/2022\/envio-de-comunicaciones\/\">Env\u00edo de comunicaciones<\/a><\/li><li id=\"menu-item-10588\" class=\"menu-item menu-item-type-post_type menu-item-object-page menu-item-10588\"><a href=\"https:\/\/grupo-ebei.com\/confbe\/2022\/libro-de-capitulos\/\">Libro de Cap\u00edtulos<\/a><\/li><li id=\"menu-item-10073\" class=\"menu-general-item menu-item menu-item-type-post_type menu-item-object-page menu-item-10073\"><a href=\"https:\/\/grupo-ebei.com\/confbe\/2022\/organizacion\/\">Organizaci\u00f3n y comit\u00e9s<\/a><\/li><li id=\"menu-item-9751\" class=\"menu-general-item menu-item menu-item-type-post_type menu-item-object-page menu-item-9751\"><a href=\"https:\/\/grupo-ebei.com\/confbe\/2022\/entidades\/\">Entidades organizadoras<\/a><\/li><\/ul><style>.us_menu_1 .menu>li{margin-bottom:0.8rem}.us_menu_1 .menu>li>a{padding:0.9em 0.9em}.us_menu_1 .menu>li>a{background:linear-gradient(135deg,#00a3d9,#00194e)}.us_menu_1 .menu>li>a{color:#ffffff}.us_menu_1 .menu>.menu-item>a:hover{background:linear-gradient(165deg,#00a3d9,#00194e)}.us_menu_1 .menu>.current-menu-item>a{color:#f5f5f5}@media ( max-width:600px ){.us_menu_1 .menu{display:block!important}.us_menu_1 .menu>li{margin:0 0 0.8rem}}<\/style><\/div><\/div><\/div><\/div><div class=\"vc_col-sm-9 wpb_column vc_column_container\"><div class=\"vc_column-inner us_custom_c15099d3 \"><div class=\"wpb_wrapper\"><div class=\"wpb_text_column\" ><div class=\"wpb_wrapper\"><p><code style=\"display: none;\"><br \/>\n<\/code><\/p>\n<h2>Guidelines for the submission of proposals<\/h2>\n<p><code style=\"display: none;\"><br \/>\n<\/code><\/p>\n<\/div><\/div><div class=\"wpb_text_column\" ><div class=\"wpb_wrapper\"><p><code style=\"display: none;\"><br \/>\n<\/code><\/p>\n<div align=\"justify\" class=\"wpb_text_column wpb_content_element  wpb_animate_when_almost_visible wpb_fadeIn fadeIn vc_custom_1574180765763 wpb_start_animation animated\">\n<div class=\"wpb_wrapper\">\n<p>Authors will have the opportunity to submit one of their accepted papers, in chapter format, for evaluation. The chapters accepted by the scientific committee will be published in a <b>book of chapters with an ISBN<\/b>. You can check the deadline for submitting chapters through the \u00abConference Dates &amp; Deadlines\u00bb section of this website. Only those papers that have been previously accepted as a text communication, video communication or scientific\/training dialogue can be sent in chapter format for evaluation.<\/p>\n<p><b>The paper must contain the following sections<\/b>: Introduction, Method (Materials, Participants, Design, Procedure), Results, Discussion\/Conclusions and References. When they are not strictly research works, the methodology followed must be specified. The same template used for sending communications must be used, available in the section \u00abSending communications\u00bb of this website and its<b> length must be between 1500 and 3000 words<\/b>, (main text, references, figures, tables, appendices and illustrations).<\/p>\n<p>An <b>abstract will also be included, in Spanish and English<\/b> (maximum 250 words for each of the abstracts, and these will be counted separately from the words of the main text). The summary should be structured in the following sections: Background, Method, Results and Conclusions.<\/p>\n<p>Submitted<b> papers must be unpublished<\/b>, i.e. neither published nor in the process of being published. Once the work has been sent, it is assumed that all the authors have agreed to it.<\/p>\n<\/div>\n<\/div>\n<p><code style=\"display: none;\"><br \/>\n<\/code><\/p>\n<\/div><\/div><div class=\"w-separator size_large\"><\/div><\/div><\/div><\/div><\/div><\/div><\/section><section class=\"l-section wpb_row height_custom color_primary with_shape\"><div class=\"l-section-shape type_wave pos_top hor_flip\" style=\"height:10vh;\"><svg xmlns=\"http:\/\/www.w3.org\/2000\/svg\" viewBox=\"0 4 64 4\" preserveAspectRatio=\"none\" width=\"100%\" height=\"100%\">\r\n\t<path fill=\"currentColor\" d=\"M64 6 C32 0 32 12 0 6 L0 8 L64 8 Z\"\/>\r\n<\/svg><\/div><div class=\"l-section-h i-cf\"><div class=\"g-cols vc_row type_default valign_top\"><div class=\"vc_col-sm-8 wpb_column vc_column_container\"><div class=\"vc_column-inner us_custom_75e2102a \"><div class=\"wpb_wrapper\"><div class=\"w-separator size_custom\" style=\"height:3rem;\"><\/div>[vc_custom_heading text=\u00bbKey dates\u00bb use_theme_fonts=\u00bbyes\u00bb link=\u00bb|||\u00bb]<div class=\"wpb_text_column\" ><div class=\"wpb_wrapper\"><p><code style=\"display: none;\"><br \/>\n<\/code><\/p>\n<p align=\"justify\">Please check the different dates scheduled for this edition of the International Conference on Bilingual Education: Submission of abstracts, Notification of acceptance of abstracts, deadline for registration of participants of the different modalities, etc.<\/p>\n<p><code style=\"display: none;\"><br \/>\n<\/code><\/p>\n<\/div><\/div><\/div><\/div><\/div><div class=\"vc_col-sm-4 wpb_column vc_column_container\"><div class=\"vc_column-inner\"><div class=\"wpb_wrapper\"><div class=\"w-separator size_custom\" style=\"height:4rem;\"><\/div><div class=\"ult-just-icon-wrapper  \"><div class=\"align-icon\" style=\"text-align:center;\">\n<a class=\"aio-tooltip 69f33bd4cfe66\" href=\"https:\/\/grupo-ebei.com\/confbe\/2022\/fechas-clave\"  data-toggle=\"tooltip\" data-placement=\"\"><div class=\"aio-icon none \"  style=\"color:#ffffff;font-size:160px;display:inline-block;\">\n\t<i class=\"Defaults-calendar\"><\/i>\n<\/div><\/a><\/div><\/div><\/div><\/div><\/div><\/div><\/div><\/section>","protected":false},"excerpt":{"rendered":"L\u00edneas de trabajoPrincipales destinatarios\/asModalidades de participaci\u00f3nConferenciantes plenariosFechas claveTasas de participaci\u00f3nProcedimiento de inscripci\u00f3nPresentaci\u00f3n de res\u00famenesEnv\u00edo de comunicacionesLibro de Cap\u00edtulosOrganizaci\u00f3n y comit\u00e9sEntidades organizadoras Guidelines for the submission of proposals Authors will have the opportunity to submit one of their accepted papers, in chapter format, for evaluation. The chapters accepted by the scientific committee will be published in...","protected":false},"author":1,"featured_media":0,"parent":0,"menu_order":0,"comment_status":"closed","ping_status":"closed","template":"","meta":{"spay_email":""},"yoast_head":"<!-- This site is optimized with the Yoast SEO plugin v18.8 - https:\/\/yoast.com\/wordpress\/plugins\/seo\/ -->\n<title>Book of Chapters - VIII Congreso Internacional sobre Educaci\u00f3n Biling\u00fce<\/title>\n<meta name=\"robots\" content=\"index, follow, max-snippet:-1, max-image-preview:large, max-video-preview:-1\" \/>\n<link rel=\"canonical\" href=\"https:\/\/grupo-ebei.com\/confbe\/2022\/book-of-chapters\/\" \/>\n<meta property=\"og:locale\" content=\"es_ES\" \/>\n<meta property=\"og:type\" content=\"article\" \/>\n<meta property=\"og:title\" content=\"Book of Chapters - VIII Congreso Internacional sobre Educaci\u00f3n Biling\u00fce\" \/>\n<meta property=\"og:url\" content=\"https:\/\/grupo-ebei.com\/confbe\/2022\/en\/book-of-chapters\/\" \/>\n<meta property=\"og:site_name\" content=\"VIII Congreso Internacional sobre Educaci\u00f3n Biling\u00fce\" \/>\n<meta property=\"article:modified_time\" content=\"2020-11-09T20:36:02+00:00\" \/>\n<meta name=\"twitter:card\" content=\"summary_large_image\" \/>\n<meta name=\"twitter:label1\" content=\"Tiempo de lectura\" \/>\n\t<meta name=\"twitter:data1\" content=\"2 minutos\" \/>\n<script type=\"application\/ld+json\" class=\"yoast-schema-graph\">{\"@context\":\"https:\/\/schema.org\",\"@graph\":[{\"@type\":\"WebSite\",\"@id\":\"https:\/\/grupo-ebei.com\/confbe\/2022\/#website\",\"url\":\"https:\/\/grupo-ebei.com\/confbe\/2022\/\",\"name\":\"VIII Congreso Internacional sobre Educaci\u00f3n Biling\u00fce\",\"description\":\"VIII International Conference on Bilingual Education\",\"potentialAction\":[{\"@type\":\"SearchAction\",\"target\":{\"@type\":\"EntryPoint\",\"urlTemplate\":\"https:\/\/grupo-ebei.com\/confbe\/2022\/?s={search_term_string}\"},\"query-input\":\"required name=search_term_string\"}],\"inLanguage\":\"es\"},{\"@type\":\"WebPage\",\"@id\":\"https:\/\/grupo-ebei.com\/confbe\/2022\/en\/book-of-chapters\/#webpage\",\"url\":\"https:\/\/grupo-ebei.com\/confbe\/2022\/en\/book-of-chapters\/\",\"name\":\"Book of Chapters - VIII Congreso Internacional sobre Educaci\u00f3n Biling\u00fce\",\"isPartOf\":{\"@id\":\"https:\/\/grupo-ebei.com\/confbe\/2022\/#website\"},\"datePublished\":\"2020-09-09T10:45:40+00:00\",\"dateModified\":\"2020-11-09T20:36:02+00:00\",\"breadcrumb\":{\"@id\":\"https:\/\/grupo-ebei.com\/confbe\/2022\/en\/book-of-chapters\/#breadcrumb\"},\"inLanguage\":\"es\",\"potentialAction\":[{\"@type\":\"ReadAction\",\"target\":[\"https:\/\/grupo-ebei.com\/confbe\/2022\/en\/book-of-chapters\/\"]}]},{\"@type\":\"BreadcrumbList\",\"@id\":\"https:\/\/grupo-ebei.com\/confbe\/2022\/en\/book-of-chapters\/#breadcrumb\",\"itemListElement\":[{\"@type\":\"ListItem\",\"position\":1,\"name\":\"Home\",\"item\":\"https:\/\/grupo-ebei.com\/confbe\/2022\/\"},{\"@type\":\"ListItem\",\"position\":2,\"name\":\"Book of Chapters\"}]}]}<\/script>\n<!-- \/ Yoast SEO plugin. -->","yoast_head_json":{"title":"Book of Chapters - VIII Congreso Internacional sobre Educaci\u00f3n Biling\u00fce","robots":{"index":"index","follow":"follow","max-snippet":"max-snippet:-1","max-image-preview":"max-image-preview:large","max-video-preview":"max-video-preview:-1"},"canonical":"https:\/\/grupo-ebei.com\/confbe\/2022\/book-of-chapters\/","og_locale":"es_ES","og_type":"article","og_title":"Book of Chapters - VIII Congreso Internacional sobre Educaci\u00f3n Biling\u00fce","og_url":"https:\/\/grupo-ebei.com\/confbe\/2022\/en\/book-of-chapters\/","og_site_name":"VIII Congreso Internacional sobre Educaci\u00f3n Biling\u00fce","article_modified_time":"2020-11-09T20:36:02+00:00","twitter_card":"summary_large_image","twitter_misc":{"Tiempo de lectura":"2 minutos"},"schema":{"@context":"https:\/\/schema.org","@graph":[{"@type":"WebSite","@id":"https:\/\/grupo-ebei.com\/confbe\/2022\/#website","url":"https:\/\/grupo-ebei.com\/confbe\/2022\/","name":"VIII Congreso Internacional sobre Educaci\u00f3n Biling\u00fce","description":"VIII International Conference on Bilingual Education","potentialAction":[{"@type":"SearchAction","target":{"@type":"EntryPoint","urlTemplate":"https:\/\/grupo-ebei.com\/confbe\/2022\/?s={search_term_string}"},"query-input":"required name=search_term_string"}],"inLanguage":"es"},{"@type":"WebPage","@id":"https:\/\/grupo-ebei.com\/confbe\/2022\/en\/book-of-chapters\/#webpage","url":"https:\/\/grupo-ebei.com\/confbe\/2022\/en\/book-of-chapters\/","name":"Book of Chapters - VIII Congreso Internacional sobre Educaci\u00f3n Biling\u00fce","isPartOf":{"@id":"https:\/\/grupo-ebei.com\/confbe\/2022\/#website"},"datePublished":"2020-09-09T10:45:40+00:00","dateModified":"2020-11-09T20:36:02+00:00","breadcrumb":{"@id":"https:\/\/grupo-ebei.com\/confbe\/2022\/en\/book-of-chapters\/#breadcrumb"},"inLanguage":"es","potentialAction":[{"@type":"ReadAction","target":["https:\/\/grupo-ebei.com\/confbe\/2022\/en\/book-of-chapters\/"]}]},{"@type":"BreadcrumbList","@id":"https:\/\/grupo-ebei.com\/confbe\/2022\/en\/book-of-chapters\/#breadcrumb","itemListElement":[{"@type":"ListItem","position":1,"name":"Home","item":"https:\/\/grupo-ebei.com\/confbe\/2022\/"},{"@type":"ListItem","position":2,"name":"Book of Chapters"}]}]}},"_links":{"self":[{"href":"https:\/\/grupo-ebei.com\/confbe\/2022\/wp-json\/wp\/v2\/pages\/10737"}],"collection":[{"href":"https:\/\/grupo-ebei.com\/confbe\/2022\/wp-json\/wp\/v2\/pages"}],"about":[{"href":"https:\/\/grupo-ebei.com\/confbe\/2022\/wp-json\/wp\/v2\/types\/page"}],"author":[{"embeddable":true,"href":"https:\/\/grupo-ebei.com\/confbe\/2022\/wp-json\/wp\/v2\/users\/1"}],"replies":[{"embeddable":true,"href":"https:\/\/grupo-ebei.com\/confbe\/2022\/wp-json\/wp\/v2\/comments?post=10737"}],"version-history":[{"count":7,"href":"https:\/\/grupo-ebei.com\/confbe\/2022\/wp-json\/wp\/v2\/pages\/10737\/revisions"}],"predecessor-version":[{"id":10825,"href":"https:\/\/grupo-ebei.com\/confbe\/2022\/wp-json\/wp\/v2\/pages\/10737\/revisions\/10825"}],"wp:attachment":[{"href":"https:\/\/grupo-ebei.com\/confbe\/2022\/wp-json\/wp\/v2\/media?parent=10737"}],"curies":[{"name":"wp","href":"https:\/\/api.w.org\/{rel}","templated":true}]}}